{"id":27997,"date":"2020-08-31T18:54:01","date_gmt":"2020-08-31T16:54:01","guid":{"rendered":"http:\/\/budapest100.hu\/?post_type=event&#038;p=27997"},"modified":"2020-09-14T22:14:34","modified_gmt":"2020-09-14T20:14:34","slug":"forgoszinpad","status":"publish","type":"event","link":"https:\/\/budapest100.hu\/en\/event\/forgoszinpad\/","title":{"rendered":"Forg\u00f3sz\u00ednpad"},"content":{"rendered":"<p>Bemutatkoznak a Mand\u00e1k h\u00e1z k\u00f6z\u00f6ss\u00e9gei, szervezetei:<\/p>\n<p>Evang\u00e9likus gy\u00fclekezet, Mand\u00e1k Di\u00e1kotthon, L\u00e1thatatlan Tanoda, Evang\u00e9likus Diak\u00f3nia Magyarorsz\u00e1g Integr\u00e1ci\u00f3s Szolg\u00e1lata, Sion Evang\u00e9likus Nevel\u0151sz\u00fcl\u0151i H\u00e1l\u00f3zat \u00e9s az Alap\u00edtv\u00e1ny az \u00d6r\u00f6kbefogad\u00f3 \u00e9s Nevel\u0151sz\u00fcl\u0151k\u00e9rt, Utc\u00e1r\u00f3l Lak\u00e1sba Egyes\u00fclet Adj munk\u00e1t! csoportja, Gyermekb\u00e1rka, Szocsoma rakt\u00e1r<\/p>\n<p>&nbsp;<\/p>\n","protected":false},"excerpt":{"rendered":"<p>Bemutatkoznak a Mand\u00e1k h\u00e1z k\u00f6z\u00f6ss\u00e9gei, szervezetei: Evang\u00e9likus gy\u00fclekezet, Mand\u00e1k Di\u00e1kotthon, L\u00e1thatatlan Tanoda, Evang\u00e9likus Diak\u00f3nia Magyarorsz\u00e1g Integr\u00e1ci\u00f3s Szolg\u00e1lata, Sion Evang\u00e9likus Nevel\u0151sz\u00fcl\u0151i H\u00e1l\u00f3zat \u00e9s az Alap\u00edtv\u00e1ny az \u00d6r\u00f6kbefogad\u00f3 \u00e9s Nevel\u0151sz\u00fcl\u0151k\u00e9rt, Utc\u00e1r\u00f3l Lak\u00e1sba Egyes\u00fclet Adj munk\u00e1t! csoportja, Gyermekb\u00e1rka, Szocsoma rakt\u00e1r &nbsp;<\/p>\n","protected":false},"author":19,"featured_media":0,"menu_order":0,"template":"","meta":{"_acf_changed":false,"footnotes":""},"class_list":["post-27997","event","type-event","status-publish","hentry"],"acf":[],"yoast_head":"<!-- This site is optimized with the Yoast SEO plugin v27.4 - https:\/\/yoast.com\/product\/yoast-seo-wordpress\/ -->\n<title>Forg\u00f3sz\u00ednpad - Budapest100<\/title>\n<meta name=\"robots\" content=\"index, follow, max-snippet:-1, max-image-preview:large, max-video-preview:-1\" \/>\n<link rel=\"canonical\" href=\"https:\/\/budapest100.hu\/en\/event\/forgoszinpad\/\" \/>\n<meta property=\"og:locale\" content=\"en_US\" \/>\n<meta property=\"og:type\" content=\"article\" \/>\n<meta property=\"og:title\" content=\"Forg\u00f3sz\u00ednpad - Budapest100\" \/>\n<meta property=\"og:description\" content=\"Bemutatkoznak a Mand\u00e1k h\u00e1z k\u00f6z\u00f6ss\u00e9gei, szervezetei: Evang\u00e9likus gy\u00fclekezet, Mand\u00e1k Di\u00e1kotthon, L\u00e1thatatlan Tanoda, Evang\u00e9likus Diak\u00f3nia Magyarorsz\u00e1g Integr\u00e1ci\u00f3s Szolg\u00e1lata, Sion Evang\u00e9likus Nevel\u0151sz\u00fcl\u0151i H\u00e1l\u00f3zat \u00e9s az Alap\u00edtv\u00e1ny az \u00d6r\u00f6kbefogad\u00f3 \u00e9s Nevel\u0151sz\u00fcl\u0151k\u00e9rt, Utc\u00e1r\u00f3l Lak\u00e1sba Egyes\u00fclet Adj munk\u00e1t! csoportja, Gyermekb\u00e1rka, Szocsoma rakt\u00e1r &nbsp;\" \/>\n<meta property=\"og:url\" content=\"https:\/\/budapest100.hu\/en\/event\/forgoszinpad\/\" \/>\n<meta property=\"og:site_name\" content=\"Budapest100\" \/>\n<meta property=\"article:modified_time\" content=\"2020-09-14T20:14:34+00:00\" \/>\n<meta name=\"twitter:card\" content=\"summary_large_image\" \/>\n<script type=\"application\/ld+json\" class=\"yoast-schema-graph\">{\"@context\":\"https:\\\/\\\/schema.org\",\"@graph\":[{\"@type\":\"WebPage\",\"@id\":\"https:\\\/\\\/budapest100.hu\\\/en\\\/event\\\/forgoszinpad\\\/\",\"url\":\"https:\\\/\\\/budapest100.hu\\\/en\\\/event\\\/forgoszinpad\\\/\",\"name\":\"Forg\u00f3sz\u00ednpad - Budapest100\",\"isPartOf\":{\"@id\":\"https:\\\/\\\/budapest100.hu\\\/en\\\/#website\"},\"datePublished\":\"2020-08-31T16:54:01+00:00\",\"dateModified\":\"2020-09-14T20:14:34+00:00\",\"inLanguage\":\"en-US\",\"potentialAction\":[{\"@type\":\"ReadAction\",\"target\":[\"https:\\\/\\\/budapest100.hu\\\/en\\\/event\\\/forgoszinpad\\\/\"]}]},{\"@type\":\"WebSite\",\"@id\":\"https:\\\/\\\/budapest100.hu\\\/en\\\/#website\",\"url\":\"https:\\\/\\\/budapest100.hu\\\/en\\\/\",\"name\":\"Budapest100\",\"description\":\"Nyitott h\u00e1zak h\u00e9tv\u00e9g\u00e9je\",\"potentialAction\":[{\"@type\":\"SearchAction\",\"target\":{\"@type\":\"EntryPoint\",\"urlTemplate\":\"https:\\\/\\\/budapest100.hu\\\/en\\\/?s={search_term_string}\"},\"query-input\":{\"@type\":\"PropertyValueSpecification\",\"valueRequired\":true,\"valueName\":\"search_term_string\"}}],\"inLanguage\":\"en-US\"}]}<\/script>\n<!-- \/ Yoast SEO plugin. -->","yoast_head_json":{"title":"Forg\u00f3sz\u00ednpad - Budapest100","robots":{"index":"index","follow":"follow","max-snippet":"max-snippet:-1","max-image-preview":"max-image-preview:large","max-video-preview":"max-video-preview:-1"},"canonical":"https:\/\/budapest100.hu\/en\/event\/forgoszinpad\/","og_locale":"en_US","og_type":"article","og_title":"Forg\u00f3sz\u00ednpad - Budapest100","og_description":"Bemutatkoznak a Mand\u00e1k h\u00e1z k\u00f6z\u00f6ss\u00e9gei, szervezetei: Evang\u00e9likus gy\u00fclekezet, Mand\u00e1k Di\u00e1kotthon, L\u00e1thatatlan Tanoda, Evang\u00e9likus Diak\u00f3nia Magyarorsz\u00e1g Integr\u00e1ci\u00f3s Szolg\u00e1lata, Sion Evang\u00e9likus Nevel\u0151sz\u00fcl\u0151i H\u00e1l\u00f3zat \u00e9s az Alap\u00edtv\u00e1ny az \u00d6r\u00f6kbefogad\u00f3 \u00e9s Nevel\u0151sz\u00fcl\u0151k\u00e9rt, Utc\u00e1r\u00f3l Lak\u00e1sba Egyes\u00fclet Adj munk\u00e1t! csoportja, Gyermekb\u00e1rka, Szocsoma rakt\u00e1r &nbsp;","og_url":"https:\/\/budapest100.hu\/en\/event\/forgoszinpad\/","og_site_name":"Budapest100","article_modified_time":"2020-09-14T20:14:34+00:00","twitter_card":"summary_large_image","schema":{"@context":"https:\/\/schema.org","@graph":[{"@type":"WebPage","@id":"https:\/\/budapest100.hu\/en\/event\/forgoszinpad\/","url":"https:\/\/budapest100.hu\/en\/event\/forgoszinpad\/","name":"Forg\u00f3sz\u00ednpad - Budapest100","isPartOf":{"@id":"https:\/\/budapest100.hu\/en\/#website"},"datePublished":"2020-08-31T16:54:01+00:00","dateModified":"2020-09-14T20:14:34+00:00","inLanguage":"en-US","potentialAction":[{"@type":"ReadAction","target":["https:\/\/budapest100.hu\/en\/event\/forgoszinpad\/"]}]},{"@type":"WebSite","@id":"https:\/\/budapest100.hu\/en\/#website","url":"https:\/\/budapest100.hu\/en\/","name":"Budapest100","description":"Nyitott h\u00e1zak h\u00e9tv\u00e9g\u00e9je","potentialAction":[{"@type":"SearchAction","target":{"@type":"EntryPoint","urlTemplate":"https:\/\/budapest100.hu\/en\/?s={search_term_string}"},"query-input":{"@type":"PropertyValueSpecification","valueRequired":true,"valueName":"search_term_string"}}],"inLanguage":"en-US"}]}},"_links":{"self":[{"href":"https:\/\/budapest100.hu\/en\/wp-json\/wp\/v2\/event\/27997","targetHints":{"allow":["GET"]}}],"collection":[{"href":"https:\/\/budapest100.hu\/en\/wp-json\/wp\/v2\/event"}],"about":[{"href":"https:\/\/budapest100.hu\/en\/wp-json\/wp\/v2\/types\/event"}],"author":[{"embeddable":true,"href":"https:\/\/budapest100.hu\/en\/wp-json\/wp\/v2\/users\/19"}],"version-history":[{"count":0,"href":"https:\/\/budapest100.hu\/en\/wp-json\/wp\/v2\/event\/27997\/revisions"}],"wp:attachment":[{"href":"https:\/\/budapest100.hu\/en\/wp-json\/wp\/v2\/media?parent=27997"}],"curies":[{"name":"wp","href":"https:\/\/api.w.org\/{rel}","templated":true}]}}