{"id":15757,"date":"2018-01-28T20:33:54","date_gmt":"2018-01-28T20:33:54","guid":{"rendered":"http:\/\/budapest100.hu\/bartok-bela-ut-29\/"},"modified":"2025-04-14T12:27:22","modified_gmt":"2025-04-14T10:27:22","slug":"bartok-bela-ut-29","status":"publish","type":"house","link":"https:\/\/budapest100.hu\/en\/house\/bartok-bela-ut-29\/","title":{"rendered":"Bart\u00f3k B\u00e9la \u00fat 29."},"content":{"rendered":"<p>A Bart\u00f3k B\u00e9la \u00fat 29-es sz\u00e1m alatt tal\u00e1lhat\u00f3 \u00e9p\u00fclet az \u00dajbuda pezsg\u0151 kultur\u00e1lis \u00e9let\u00e9t biztos\u00edt\u00f3 G\u00e1rdonyi t\u00e9r szomsz\u00e9ds\u00e1g\u00e1ban \u00e1ll. Meg\u00e9p\u00edt\u00e9sekor a Feh\u00e9rv\u00e1ri \u00fat 27. c\u00edmet viselte, majd Horthy Mikl\u00f3s \u00fat 29-re keresztelt\u00e9k \u00e1t, ma pedig Bart\u00f3k B\u00e9la \u00fat 29. c\u00edmen ismeretes.<\/p>\n<p style=\"font-size: 8pt; line-height: 120%;\"><iframe loading=\"lazy\" src=\"https:\/\/gallery.hungaricana.hu\/Fortepan\/69506\/embed\/?img=0\" width=\"430\" height=\"257,5\" frameborder=\"0\" allowfullscreen=\"allowfullscreen\"><\/iframe><br \/>\nBart\u00f3k B\u00e9la \u00fat 29. (1957)<br \/>\n<em>K\u00e9p forr\u00e1sa:<\/em> FORTEPAN \/ BFL [HUNGARICANA] [k\u00e9psz\u00e1m: 102800; orig: BFL \/ lev\u00e9lt\u00e1ri jelzet: HU_BFL_XV_19_c_11]<\/p>\n<p>J\u00f3n\u00e1s D\u00e1vid \u00e9s neje 1907-1908 k\u00f6z\u00f6tt \u00e9p\u00edttett\u00e9k fel b\u00e9rh\u00e1zukat. Tervez\u0151je maga J\u00f3n\u00e1s D\u00e1vid \u00e9s testv\u00e9re, Zsigmond voltak, a f\u00f6d\u00e9m kivitelez\u00e9s\u00e9t pedig R\u00e9ti Ben\u0151 v\u00e9gezte. A h\u00e1zon fellelhet\u0151ek azon jellegzetes von\u00e1sok, melyek J\u00f3n\u00e1s D\u00e1vid m\u00e1s \u00e9p\u00fcletein is megjelennek. J\u00f3n\u00e1s 1900 \u00f3ta m\u0171k\u00f6d\u00f6tt \u00f6n\u00e1ll\u00f3 \u00e9p\u00edt\u00e9sz-tervez\u0151k\u00e9nt, munk\u00e1ss\u00e1g\u00e1ban a historiz\u00e1l\u00e1st id\u0151vel felv\u00e1ltotta a premodern st\u00edlus. Legjelent\u0151sebb m\u0171ve tal\u00e1n a <em>Tolnai Vil\u00e1glapja<\/em> egykori sz\u00e9kh\u00e1za a Doh\u00e1ny utc\u00e1ban. Legt\u00f6bb \u00e9p\u00fclet\u00e9t fiv\u00e9r\u00e9vel egy\u00fctt k\u00e9sz\u00edtette.[<a href=\"https:\/\/jelesnapok.oszk.hu\/prod\/unnep\/jonas_david_szuletesnapja__1871\" target=\"_blank\" rel=\"noopener noreferrer\">1<\/a>]\u00a0Az <em>1894. \u00e9vi \u00c9p\u00edt\u00e9s\u00fcgyi Szab\u00e1lyzat<\/em> szerint Budapest ezen ter\u00fclet\u00e9n utcavonalon \u00e9s z\u00e1rtsorban kellett \u00e9p\u00edtkezni, \u00e9s a h\u00e1z meg is felel ezen szab\u00e1lyoz\u00e1soknak. \u00cdgy az \u00e9p\u00fclet t\u00f6k\u00e9letesen illeszkedik az egys\u00e9ges utcak\u00e9pbe, kapcsol\u00f3dik a nagyv\u00e1rosiasan fejl\u0151d\u0151 bels\u0151 v\u00e1rosmaghoz. Buda fejl\u0151d\u00e9se a sz\u00e1zadfordul\u00f3 ut\u00e1n felgyorsult, melyben nagy szerepet j\u00e1tszott az \u00fajonnan meg\u00e9p\u00fcl\u0151 Szabads\u00e1g h\u00edd \u00e9s Erzs\u00e9bet h\u00edd. Ebben az id\u0151szakban \u00e9p\u00fclt a k\u00f6rny\u00e9k legt\u00f6bb \u00e9p\u00fclete.[2]<\/p>\n<p>Az 1906. augusztusi <em>Pesti H\u00edrlapb\u00f3l<\/em> kider\u00fcl, hogy J\u00f3n\u00e1s D\u00e1vid \u00e9s neje 72.000 koron\u00e1\u00e9rt vette meg Kellner Ign\u00e1ct\u00f3l \u00e9s Kohn Jakabt\u00f3l a telket, amelyen a mai h\u00e1z \u00e1ll.[3] \u00c9p\u00edt\u00e9st\u00f6rt\u00e9net\u00e9nek \u00e9rdekess\u00e9ge, hogy J\u00f3n\u00e1s D\u00e1vid mag\u00e1n\u00e9p\u00edt\u00e9si k\u00e9relm\u00e9t az 1907. \u00e1prilisi mag\u00e1n\u00e9p\u00edt\u00e9si bizotts\u00e1g \u00fcl\u00e9s\u00e9n el\u0151sz\u00f6r elutas\u00edtott\u00e1k. Fellebbez\u00e9s\u00e9nek b\u00edr\u00e1lata ism\u00e9t elutas\u00edt\u00e1ssal z\u00e1rult, \u00e9s csak j\u00faniusban kapta meg k\u00e9tszeres visszautas\u00edt\u00e1s ut\u00e1n az \u00faj \u00e9p\u00edtkez\u00e9sre az enged\u00e9lyt.[4][5][6][7] Ezut\u00e1n elindulhatott az \u00e9p\u00fclet kivitelez\u00e9se. A h\u00e1z 4 lak\u00f3szinttel, valamint pinceszinttel rendelkezik. A f\u00f6ldszinten az utcafronton h\u00e1rom helyis\u00e9gben \u00fczletek kaptak helyet; ezekbe az eredeti tervek szerint egy vend\u00e9gl\u0151 ker\u00fclt volna. Ezen a szinten tov\u00e1bb\u00e1 h\u00e1rom teljes \u00fari lak\u00e1s (benne eb\u00e9dl\u0151, szalon, h\u00e1l\u00f3szoba, gyermekszoba, \u00fariszoba, konyha, csel\u00e9dszoba, kiszolg\u00e1l\u00f3 helyis\u00e9gek) \u00e9s egy szoba-konyh\u00e1s h\u00e1zmesteri lak\u00e1s helyezkedett el. El\u00e9rhet\u0151 forr\u00e1s hi\u00e1ny\u00e1ban felt\u00e9telezhetj\u00fck csak, hogy az emeleti szintekre 4-5 lak\u00e1s tervezhettek, saj\u00e1t erk\u00e9llyel.[<a href=\"https:\/\/maps.hungaricana.hu\/en\/BFLTervtar\/26772\/\" target=\"_blank\" rel=\"noopener noreferrer\">8<\/a>]<\/p>\n<p>Alaprajzi elrendez\u00e9s\u00e9t tekintve a h\u00e1z U alak\u00fa, a szomsz\u00e9dos Bart\u00f3k B\u00e9la \u00fat 27. fel\u00e9 egy magas fal z\u00e1rja le az udvart. Minden lak\u00e1snak van \u00edgy utcai \u00e9s bels\u0151 udvari homlokzata is. A letisztult utcai homlokzatszerkeszt\u00e9sben megfigyelhetj\u00fck a premodern st\u00edlusjegyeket \u00e9s a J\u00f3n\u00e1s fiv\u00e9rek alkot\u00f3i st\u00edlus\u00e1t. A homlokzat a kor\u00e1bbi st\u00edlusok homlokzatk\u00e9pz\u00e9si kult\u00far\u00e1j\u00e1t\u00f3l elt\u00e9r\u0151en vertik\u00e1lisan tagolt az emeleteket \u00e1tfog\u00f3 pilasztereknek k\u00f6sz\u00f6nhet\u0151en; ezek fejezetei egyszer\u0171 vonalakkal szerkesztettek, melyek folytat\u00f3dnak a fr\u00edz\/p\u00e1rk\u00e1ny szakaszban. A f\u00f6ldszintet \u00e9s az els\u0151 emeletet enyh\u00e9n kiugr\u00f3 \u00f6vp\u00e1rk\u00e1ny v\u00e1lasztja el \u2013 az erk\u00e9lyek alatt kazett\u00e1s d\u00edsz\u00edt\u00e9ssel \u2013, melynek vonala illeszkedik a szomsz\u00e9dos h\u00e1z hasonl\u00f3 p\u00e1rk\u00e1ny\u00e1hoz. A d\u00edsz\u00edt\u00e9sek legink\u00e1bb geometrikus form\u00e1k, egyszer\u0171ek \u00e9s letisztultak. A homlokzat bal oldali kiemelt szakasz\u00e1t a m\u00e1sodik emeleten kiv\u00e9telesen figur\u00e1lis domborm\u0171 d\u00edsz\u00edti. A h\u00e1z vakolata jelenleg vil\u00e1gosk\u00e9k, kov\u00e1csoltvas erk\u00e9lykorl\u00e1tokkal \u00e9s k\u0151l\u00e1bazattal rendelkezik; az eredeti kapuzatot lecser\u00e9lt\u00e9k.\u00a0Az \u00e9p\u00fcletet m\u00e1sodik vil\u00e1gh\u00e1bor\u00fa sor\u00e1n bombatal\u00e1lat \u00e9rte, melynek helyre\u00e1ll\u00edt\u00e1s\u00e1ra l\u00e9trej\u00f6tt a Bart\u00f3k B\u00e9la \u00fat 29. sz\u00e1m\u00fa H\u00e1zsz\u00f6vetkezet. A c\u00e9ljuk a k\u00e1rok helyrehoz\u00e1sa mellett az volt, hogy saj\u00e1t kezel\u00e9st \u00e9s fenntart\u00e1st kapjanak az ingatlan felett, valamint hogy a tagok maguk k\u00f6z\u00f6tt \u00e9rt\u00e9kes\u00edthessenek.[9][10]<\/p>\n<p style=\"font-size: 8pt; line-height: 120%;\"><iframe loading=\"lazy\" src=\"https:\/\/gallery.hungaricana.hu\/BFLPhoto\/1150\/embed\/?img=0\" width=\"430\" height=\"257,5\" frameborder=\"0\" allowfullscreen=\"allowfullscreen\"><\/iframe><br \/>\nBudapest XI., Bart\u00f3k B\u00e9la \u00fat<br \/>\n<em>K\u00e9p forr\u00e1sa:<\/em> BFL [HUNGARICANA] [lelt\u00e1ri sz\u00e1m: HU_BFL_XV_19_c_11_1159]<\/p>\n<p>A Bart\u00f3k B\u00e9la \u00fat fel\u00e9 n\u00e9z\u0151 f\u00f6ldszinti helyis\u00e9gekben kapott helyet az eredeti tervek szerint egy vend\u00e9gl\u0151. A helyis\u00e9gek az \u00e9vek m\u00fal\u00e1s\u00e1val m\u00e1s-m\u00e1s funkci\u00f3t kaptak: m\u0171k\u00f6d\u00f6tt itt t\u00f6bbek k\u00f6z\u00f6tt s\u00fct\u00f6de \u00e9s p\u00e9ks\u00e9g, cukr\u00e1szda, pressz\u00f3, b\u00fator\u00fczlet, grillcsirkes\u00fct\u0151, turk\u00e1l\u00f3, doh\u00e1nybolt, k\u00ednai gyorsb\u00fcf\u00e9 is. A fellelhet\u0151 forr\u00e1sok alapj\u00e1n megtudhatjuk, hogy a s\u00fct\u00f6de 1925-ben k\u00e9t kemenc\u00e9vel is gazdagodott, melynek tervez\u00e9s\u00e9t Svarcz Jen\u0151 \u00e9s Horv\u00e1th Antal m\u0171\u00e9p\u00edt\u00e9szek (akik a szomsz\u00e9dos 31-es sz\u00e1m\u00fa h\u00e1z tervez\u0151i is voltak) v\u00e9gezt\u00e9k. A lev\u00e9lt\u00e1ri adatok szerint ekkor a h\u00e1z m\u00e1r L\u0151wy Ern\u0151n\u00e9 \u00farn\u0151 tulajdon\u00e1ban volt. 1963-ban a kemenc\u00e9k egy rekonstru\u00e1l\u00e1son estek \u00e1t, 1970-71-ben pedig le is cser\u00e9lt\u00e9k \u0151ket, <em>\u201ea biztons\u00e1gosabb termel\u00e9s \u00e9rdek\u00e9ben\u201d<\/em>.[<a href=\"https:\/\/library.hungaricana.hu\/hu\/view\/HU_BFL_XXIII_102_a_1_1963-09-04\/?pg=152&amp;layout=s\" target=\"_blank\" rel=\"noopener noreferrer\">11<\/a>][<a href=\"https:\/\/library.hungaricana.hu\/hu\/view\/HU_BFL_XXIII_102_a_1_1971-08-04\/?pg=83&amp;layout=s\" target=\"_blank\" rel=\"noopener noreferrer\">12<\/a>] A p\u00e9ks\u00e9g szomor\u00fa bez\u00e1r\u00e1s\u00e1r\u00f3l a <em>Ludas Matyi<\/em> foly\u00f3irat 1971-ben tud\u00f3s\u00edtott: cikk\u00fck szerint innen mindig \u00e1radt a friss keny\u00e9r \u00e9s a friss p\u00e9ks\u00fctem\u00e9nyek illata hajnalban, \u00e1m ezeket m\u00e1shova sz\u00e1ll\u00edtott\u00e1k el, nem a k\u00f6zeli \u00fczletekbe, ahol pedig csak sil\u00e1ny min\u0151s\u00e9g\u0171 p\u00e9k\u00e1rut lehetett kapni. A p\u00e9ks\u00e9g helyett grillcsirkes\u00fct\u0151t l\u00e9tes\u00edtettek.[13] K\u00e9s\u0151bb a p\u00e9ks\u00e9g \u00fajra \u00fczemelt, a 2000-es \u00e9vek eleje-k\u00f6zepe fel\u00e9 z\u00e1rhatt\u00e1k be v\u00e9glegesen.[14] A grillcsirkes\u00fct\u0151 \u00fczlethelyis\u00e9g\u00e9be k\u00e9s\u0151bb egy turk\u00e1l\u00f3, majd doh\u00e1nybolt k\u00f6lt\u00f6z\u00f6tt, ma pedig kozmetikai szalon m\u0171k\u00f6dik benne.<\/p>\n<p>A h\u00e1z f\u00f6ldszintj\u00e9n m\u0171k\u00f6d\u00f6tt a Bart\u00f3k Eszpressz\u00f3 \u00e9s Cukr\u00e1szda, k\u00e9s\u0151bb Szon\u00e1ta Eszpressz\u00f3, amely kiemelked\u0151 szerepet t\u00f6lt\u00f6tt be a k\u00f6rny\u00e9k \u00e9let\u00e9ben. Sok zenei, t\u00e1rsas\u00e1gi \u00e9s kultur\u00e1lis esem\u00e9nynek adott helyet a k\u00e1v\u00e9z\u00f3, kedvelt helye volt sok ismert szem\u00e9lynek is. Kov\u00e1ts Kriszta sz\u00edn\u00e9sz-\u00e9nekesn\u0151 \u00e1lland\u00f3 el\u0151ad\u00f3ja volt a pressz\u00f3nak, \u0151 szervezte a hetente egyszer, cs\u00fct\u00f6rt\u00f6k este 8-kor megrendezett zen\u00e9l\u0151s-besz\u00e9lget\u0151s klubesteket. \u0150 \u00e9s az \u00e1ltala megh\u00edvott vend\u00e9gek biztos\u00edtott\u00e1k a j\u00f3 hangulatot, amelynek c\u00e9lja t\u00f6bbek k\u00f6z\u00f6tt az is volt, hogy az egyetemist\u00e1kat \u00e1tcs\u00e1b\u00edts\u00e1k az olcs\u00f3 s\u00f6r\u00f6z\u0151kb\u0151l.<\/p>\n<p>A klub megh\u00edvott vend\u00e9gei k\u00f6z\u00f6tt l\u00e9pett fel p\u00e9ld\u00e1ul Szakcsi Lakatos B\u00e9la, Br\u00f3dy J\u00e1nos, D\u00e9s L\u00e1szl\u00f3, T\u00f6r\u00f6k \u00c1d\u00e1m, K\u00fatv\u00f6lgyi Erzs\u00e9bet, Hob\u00f3 is.[15][16][17] De nem csak megh\u00edvott vend\u00e9gk\u00e9nt t\u00e9rtek be ismertebb m\u0171v\u00e9szeink:<\/p>\n<table style=\"height: 80px;\" width=\"430\">\n<tbody>\n<tr>\n<td style=\"width: 36.984375px; text-align: center; vertical-align: top;\"><span style=\"font-size: 24pt;\"><strong>|<\/strong><\/span><\/td>\n<td style=\"width: 377.03125px;\"><em>\u201eCseh Tam\u00e1s meg est\u00e9nk\u00e9nt ott \u00fcl a Bart\u00f3k B\u00e9la \u00faton, a Szon\u00e1ta pressz\u00f3 fapadj\u00e1n \u00e9s elmondja, elmondja \u00e1thajolva hozz\u00e1m az asztalon, a soha meg nem jelen\u0151 interj\u00fa legfontosabb mondat\u00e1t: soha nem hazudtam\u201d<\/em><\/td>\n<\/tr>\n<\/tbody>\n<\/table>\n<table style=\"height: 11px;\" width=\"430\">\n<tbody>\n<tr style=\"height: 11px;\">\n<td style=\"width: 207px; height: 11px;\"><\/td>\n<td style=\"width: 207px; height: 11px;\"><\/td>\n<\/tr>\n<\/tbody>\n<\/table>\n<p>\u2013 \u00e1ll a <em>N\u00e9pszabads\u00e1g<\/em> egyik cikk\u00e9ben.[18] De p\u00e9ld\u00e1ul Z\u00e1vodi J\u00e1nos, a <em>Piramis<\/em> egy\u00fcttes git\u00e1rosa is egy bar\u00e1ti tal\u00e1lkoz\u00f3ra sietett a pressz\u00f3ba, amikor sajn\u00e1latos m\u00f3don a taxiban felejtette nagyra becs\u00fclt git\u00e1rj\u00e1t.[19]<\/p>\n<p style=\"font-size: 8pt; line-height: 120%;\"><iframe loading=\"lazy\" src=\"https:\/\/www.youtube.com\/embed\/Z-M72NDL7zY\" width=\"430\" height=\"257,5\" frameborder=\"0\" allowfullscreen=\"allowfullscreen\"><\/iframe><br \/>\n<em>Vide\u00f3 forr\u00e1sa:<\/em> YOUTUBE [Berem\u00e9nyi G\u00e9za &#8211; t\u00e9ma]<\/p>\n<p>A k\u00e1v\u00e9z\u00f3ban mindenki tal\u00e1lhatott mag\u00e1nak megfelel\u0151 elfoglalts\u00e1got: szombat d\u00e9lut\u00e1nonk\u00e9nt az MM t\u00e1rskeres\u0151 klub programjain vehettek r\u00e9szt az \u00e9rdekl\u0151d\u0151k. <em>\u201eProgramok, zene, t\u00e1nc!\u201d<\/em> \u2013 \u00e1llt a felh\u00edv\u00e1sban. A klub \u00e1ltal sok \u00faj \u00e9s sikeres kapcsolat sz\u00fcletett itt.[20] A <em>L\u00e1t\u00f3<\/em> sz\u00e9pirodalmi foly\u00f3irat sz\u00f3t\u00e1rnapl\u00f3 sorozat\u00e1ban a fontoss\u00e1g sz\u00f3 alatt tal\u00e1lhatunk egy kedves anekdot\u00e1t a pressz\u00f3val kapcsolatban:<\/p>\n<table style=\"height: 80px;\" width=\"430\">\n<tbody>\n<tr>\n<td style=\"width: 36.984375px; text-align: center; vertical-align: top;\"><span style=\"font-size: 24pt;\"><strong>|<\/strong><\/span><\/td>\n<td style=\"width: 377.03125px;\"><em>\u201eLacika \u00f6tven\u00e9ves lehet, k\u00f6r\u00fclbel\u00fcl, sohasem tud meg\u00e1llni. Sokszor l\u00e1ttam fel-al\u00e1 j\u00e1rk\u00e1lni a Bertalan Lajos utc\u00e1ban, amikor m\u00e9g arrafel\u00e9 laktunk, most a Szon\u00e1ta pressz\u00f3ban l\u00e1ttam viszont. Bej\u00f6tt, j\u00e1rk\u00e1lt fel-al\u00e1 izgatottan. Ha sz\u00f3ltak hozz\u00e1 a pinc\u00e9rl\u00e1nyok, odafordult, de akkor is helybenj\u00e1rt. Megb\u00edzt\u00e1k a pinc\u00e9rl\u00e1nyok ezzel-azzal, vegyen nekik lott\u00f3t, hozzon el valami kazett\u00e1t valahonnan. Bec\u00e9zgett\u00e9k: gy\u00f6ny\u00f6r\u0171m, aranyom. Elment, rendesen megcsin\u00e1lta, kapott egy k\u00e1v\u00e9t. Azt gondoln\u00e1 az ember el\u0151sz\u00f6rre, milyen j\u00f3, hogy r\u00e1b\u00edznak ilyen dolgokat, legal\u00e1bb ilyenkor fontosnak \u00e9rzi mag\u00e1t. De nem, l\u00e1tszott rajta, meg ahogy v\u00e1laszolt mindig, abb\u00f3l is kider\u00fclt, hogy a terh\u00e9re vannak. Sz\u00edvess\u00e9gb\u0151l megteszi, de neki igaz\u00e1b\u00f3l sokkal fontosabb dolga van.\u201d<\/em>[<a href=\"http:\/\/lato.adatbank.transindex.ro\/?cid=2354\" target=\"_blank\" rel=\"noopener noreferrer\">21<\/a>]<\/td>\n<\/tr>\n<\/tbody>\n<\/table>\n<table style=\"height: 11px;\" width=\"430\">\n<tbody>\n<tr style=\"height: 11px;\">\n<td style=\"width: 207px; height: 11px;\"><\/td>\n<td style=\"width: 207px; height: 11px;\"><\/td>\n<\/tr>\n<\/tbody>\n<\/table>\n<p>A pressz\u00f3 hely\u00e9n ma a Kelet K\u00e1v\u00e9z\u00f3 \u00e9s Gal\u00e9ria m\u0171k\u00f6dik, amely programjaival folytatja a kor\u00e1bbi sz\u00f3rakoz\u00f3hely kultur\u00e1lis misszi\u00f3j\u00e1t. Az \u00fczlet b\u00e9rleti jog\u00e1t 1991-ben bocs\u00e1totta \u00e1rver\u00e9sre a Kelenf\u00f6ldi K\u00f6z\u00e9rt V\u00e1llalat, amely addig \u00e9lelmiszer-szak\u00fczletet m\u0171k\u00f6dtetett itt.[22] V\u00e9g\u00fcl 1993-ban a F\u0151v\u00e1rosi S\u00fct\u0151ipari V\u00e1llalat p\u00e1ly\u00e1zatot hirdetett az akkor m\u00e9g \u00e1llami tulajdonban l\u00e9v\u0151 100%-os \u00fczletr\u00e9sz (Friss Bri\u00f3s Kft.) teljes eg\u00e9sz\u00e9ben t\u00f6rt\u00e9n\u0151 megv\u00e1s\u00e1rl\u00e1s\u00e1ra.[23]<\/p>\n<p>A h\u00e1z lak\u00f3ja, N\u00e1dori L\u00e1szl\u00f3 1980-ban kesergett a <em>N\u00e9pszabads\u00e1g<\/em>ban arr\u00f3l, hogy mennyire elkeser\u00edt\u0151, hogy <em>\u201eaz ifj\u00fas\u00e1gi sportol\u00e1st seg\u00edt\u0151 int\u00e9zked\u00e9sek\u201d<\/em> ellen\u00e9re sem tud megval\u00f3sulni a t\u00f6megsportol\u00e1s lehet\u0151s\u00e9ge. A Bart\u00f3k B\u00e9la \u00fati teniszp\u00e1lya t\u00e9len j\u00e9gp\u00e1lyak\u00e9nt m\u0171k\u00f6d\u00f6tt, ide szerette volna elvinni a cikk \u00edr\u00f3ja a gyermekeit. A bej\u00e1ratn\u00e1l k\u00edgy\u00f3z\u00f3 sorok \u00e1lltak, \u00e9s egy felirat jelezte: z\u00e1rva. A k\u00f6vetkez\u0151 nap ism\u00e9t megk\u00eds\u00e9relt\u00e9k a bejut\u00e1st, de szint\u00e9n z\u00e1rt kapuk fogadt\u00e1k a n\u00e9pet. Egy id\u0151sebb h\u00f6lgy jelezte, hogy rossz a j\u00e9g min\u0151s\u00e9ge, nem alkalmas a sportol\u00e1sra. Egy anyuka bem\u00e1szott \u00e9s kipr\u00f3b\u00e1lta, \u00e9s t\u00f6k\u00e9letesen megfelel\u0151nek tal\u00e1lta azt. De m\u00e9g miel\u0151tt mindenki megindult volna a p\u00e1ly\u00e1ra, k\u00e9t csahol\u00f3 kutya kezdett el rohanni a betolakod\u00f3k fel\u00e9, \u00edgy sajnos aznap is elmaradt a sportol\u00e1s, hi\u00e1ba lett volna r\u00e1 ig\u00e9nye az embereknek.[24]<\/p>\n<p>A <em>N\u00e9pakarat<\/em> egy 1957-ben megjelent cikk\u00e9ben egy b\u00fator\u00fcz\u00e9rr\u0151l \u00edrtak. Barkai Lajos b\u00fatorboltot vezetett a Bart\u00f3k B\u00e9la \u00fat 29. sz\u00e1m alatt, \u00e9s egy k\u00f6zeli ismer\u0151s\u00e9vel, Kov\u00e1cs L\u00e1szl\u00f3n\u00e9val egyess\u00e9gben plusz haszonra tett szert. Kov\u00e1csn\u00e9 megvette Barkait\u00f3l az \u00e1rut az \u00fczletb\u0151l, majd \u00fajs\u00e1gban hirdette dupla \u00e1r\u00e9rt a b\u00fatordarabokat, mint saj\u00e1t, alig haszn\u00e1lt darabokat. Barkai ezek mellett m\u00e9g csal\u00e1dtagjai sz\u00e1m\u00e1ra is szolg\u00e1ltatott kedvezm\u00e9nyes \u00e1rut, sz\u00fcl\u0151faluj\u00e1ban l\u00e9v\u0151 rokonainak, akik mindig j\u00f3csk\u00e1n megh\u00e1l\u00e1lt\u00e1k a sz\u00e1ll\u00edtm\u00e1nyokat.[25]<\/p>\n<p style=\"font-size: 8pt; line-height: 120%;\"><iframe loading=\"lazy\" src=\"https:\/\/gallery.hungaricana.hu\/Fortepan\/37281\/embed\/?img=0\" width=\"430\" height=\"257,5\" frameborder=\"0\" allowfullscreen=\"allowfullscreen\"><\/iframe><br \/>\nBart\u00f3k B\u00e9la \u00fat. Ganz &#8220;UV&#8221; villamos utastere (1981)<br \/>\n<em>K\u00e9p forr\u00e1sa:<\/em> FORTEPAN [HUNGARICANA] [k\u00e9psz\u00e1m: 58120; orig: JANKOVSZKY GY\u00d6RGY]<\/p>\n<p>B\u00e1r a mindennapi \u00e9letet nagyban megk\u00f6nny\u00edtik a praktikus t\u00f6megk\u00f6zleked\u00e9si eszk\u00f6z\u00f6k \u2013 jelen esetben a villamos \u2013, \u00e1m sajnos el\u0151fordulnak balesetek. 1947-ben pont a h\u00e1z el\u0151tt esett le a villamosr\u00f3l egy 17 \u00e9ves tanonc, Rosenberg Ervin, akinek az es\u00e9s k\u00f6vetkezt\u00e9ben a mozg\u00f3 j\u00e1rm\u0171 lev\u00e1gta a l\u00e1b\u00e1t.[26] A Bart\u00f3k B\u00e9la \u00fati jelent\u0151s g\u00e9pj\u00e1rm\u0171forgalom t\u00f6bb balesethez is vezetett. A 29. sz\u00e1m\u00fa \u00e9p\u00fclet el\u0151tt 1963-ban egy vas\u00e1rnap este egy motorker\u00e9kp\u00e1ros elg\u00e1zolta a 35 \u00e9ves T\u00f6r\u00f6k J\u00e1nos seg\u00e9dmunk\u00e1st, aki ny\u00edlt kart\u00f6r\u00e9st szenvedett. A motor is felborult, \u00e1m annak vezet\u0151je \u00e9s utasa visszasz\u00e1llt a j\u00e1rm\u0171re, \u00e9s a helysz\u00ednen hagyt\u00e1k a v\u00e9rben fekv\u0151 f\u00e9rfit. A rend\u0151rs\u00e9gnek siker\u00fclt megtal\u00e1lni a tetteseket, akik azt\u00e1n beismer\u0151 vallom\u00e1st tettek.[27]<\/p>\n<p>Mint ahogy az az alaprajzi elrendez\u00e9sb\u0151l, lak\u00e1sfeloszt\u00e1sb\u00f3l l\u00e1tszik, hogy a h\u00e1zban kialak\u00edtott lak\u00e1sok eredetileg ink\u00e1bb a j\u00f3m\u00f3d\u00fa r\u00e9tegeknek k\u00e9sz\u00fcltek. Ahogy a c\u00edmjegyz\u00e9kben is l\u00e1thatjuk, javar\u00e9szt tanult, \u00e9rtelmis\u00e9gi r\u00e9teghez tartoz\u00f3 emberek \u00e9ltek itt m\u00e1r a kezdeti \u00e9vekben. A lak\u00e1sfeloszt\u00e1s az \u00e9vek sor\u00e1n term\u00e9szetesen sokat v\u00e1ltozott, de el\u00e9rhet\u0151 forr\u00e1sok hi\u00e1ny\u00e1ban pontos \u00e9vsz\u00e1mok \u00e9s adatok nem der\u00fclnek ki err\u0151l. Mindezek mellett k\u00e9t egyes\u00fcletet is bejegyeztek erre a c\u00edmre 1911-ben. Az egyik az \u00c1ltal\u00e1nos K\u00f6zj\u00f3t\u00e9konys\u00e1gi Egyes\u00fclet (alap\u00edt\u00f3: Cs\u00e1ky Albinn\u00e9, aleln\u00f6k: dr. Apponyi Albertn\u00e9, Falk Zsigmond \u00e9s Berzeviczy Albertn\u00e9; f\u0151titk\u00e1r: dr. L\u00e1nyi M\u00e1rton, f\u0151p\u00e9nzt\u00e1ros: Pej\u00e1csevich Jol\u00e1n gr\u00f3fn\u0151), a m\u00e1sik pedig a Magyarorsz\u00e1gi T\u00f3t K\u00f6zm\u0171vel\u0151d\u00e9si T\u00e1rsulat volt (alap\u00edt\u00f3: Radnai Farkas beszterceb\u00e1nyai p\u00fcsp\u00f6k, titk\u00e1r: Ruffy P\u00e1l, aki egyben a h\u00e1z lak\u00f3ja is volt).[<a href=\"https:\/\/library.hungaricana.hu\/hu\/view\/BPLAKCIMJEGYZEK_23_1911\/?pg=558&amp;layout=s\" target=\"_blank\" rel=\"noopener noreferrer\">28<\/a>][<a href=\"https:\/\/library.hungaricana.hu\/hu\/view\/BPLAKCIMJEGYZEK_23_1911\/?pg=564&amp;layout=s\" target=\"_blank\" rel=\"noopener noreferrer\">29<\/a>]<\/p>\n<p>A h\u00e1z legnevesebb lak\u00f3ja k\u00e9ts\u00e9gk\u00edv\u00fcl Alm\u00e1sy L\u00e1szl\u00f3 Ede, akinek a nev\u00e9vel el\u0151sz\u00f6r az 1939-es t\u00e1vbesz\u00e9l\u0151 nyilv\u00e1ntart\u00e1sban tal\u00e1lkozhatunk, \u00e9s 1943-ig biztosan itt is lakott. Feltehet\u0151leg azt ezt k\u00f6vet\u0151 \u00e9vekben 1945-ig Szombathelyen, majd Fels\u0151szelest\u00e9n tart\u00f3zkodott, k\u00f6nyv\u00edr\u00e1ssal foglalkozott. Szombathely orosz megsz\u00e1ll\u00e1sa ut\u00e1n visszat\u00e9rt budapesti lak\u00e1s\u00e1ba. A f\u0151v\u00e1ros ostrom\u00e1n\u00e1l k\u00e9rd\u00e9ses, hogy hol volt \u00e9ppen Alm\u00e1sy. Egyes visszaeml\u00e9kez\u00e9sekben olvashatjuk, hogy a bomb\u00e1z\u00e1sok ideje alatt, mikor mindenki a h\u00e1z pincei \u00f3v\u00f3hely\u00e9re menek\u00fclt, a gyerekek Alm\u00e1sy k\u00f6r\u00e9 gy\u0171ltek \u00e9s hallgatt\u00e1k a f\u00e9rfi t\u00f6rt\u00e9neteit. Azonban ekkort\u00e1jt kezd\u0151d\u00f6tt meg a koncepci\u00f3s per ellene, \u00e9s azt az megel\u0151z\u0151 mindenf\u00e9le v\u00e1d fel\u00e1ll\u00edt\u00e1sa. A perben tett vallom\u00e1sa szerint az ostrom alatt Vas megy\u00e9ben tart\u00f3zkodott, amely ellentmond\u00e1sban van fenti <em>\u201elegend\u00e1val\u201d<\/em>. Lak\u00e1s\u00e1t elmond\u00e1sa szerint ebben az id\u0151ben Kartal doktor csal\u00e1dja foglalta el ideiglenesen, mert az \u00f6v\u00e9k\u00e9t bombatal\u00e1lat \u00e9rte.[30] Alm\u00e1syt \u00e1prilisban letart\u00f3ztatt\u00e1k \u00e9s elsz\u00e1ll\u00edtott\u00e1k, \u00e9s megkezd\u0151dtek a kihallgat\u00e1sok, szabadl\u00e1bra helyez\u00e9sek, majd \u00fajb\u00f3li letart\u00f3ztat\u00e1sok. Novemberben visszat\u00e9rt Budapestre, \u00e1m lak\u00e1s\u00e1t nem kereste fel, bujk\u00e1lt. Az orosz hat\u00f3s\u00e1gok a k\u00f6vetkez\u0151 v\u00e1dakkal vett\u00e9k \u0151rizetbe: h\u00e1bor\u00fas \u00e9s n\u00e9pellenes b\u0171ntettek, n\u00e9met sz\u00f6vetkez\u00e9s; azt is \u00e1ll\u00edtott\u00e1k r\u00f3la, hogy bel\u00e9pett a n\u00e9met <em>\u201eAfrika-hadseregbe\u201d<\/em> \u00e9s Rommel sz\u00e1rnyseg\u00e9dje volt; t\u00e1madt\u00e1k a <em>Rommel sereg\u00e9n\u00e9l L\u00edbi\u00e1ban<\/em> c\u00edm\u0171 k\u00f6nyv\u00e9t is.[31] 1946 augusztus\u00e1ban el\u0151zetes letart\u00f3ztat\u00e1sba helyezt\u00e9k, amely a koncepci\u00f3s per el\u0151szakasz\u00e1nak a lez\u00e1r\u00e1sa volt. A t\u00e1rgyal\u00e1sokat k\u00f6vet\u0151en 1946 november\u00e9ben helyezt\u00e9k \u00fajra szabadl\u00e1bra, de lak\u00e1s\u00e1t elvesztette, \u00edgy el\u0151sz\u00f6r B\u00e9csbe, Triesztbe, majd Kair\u00f3ba menek\u00fclt.[<a href=\"https:\/\/hu.wikipedia.org\/wiki\/Alm%C3%A1sy_L%C3%A1szl%C3%B3\" target=\"_blank\" rel=\"noopener noreferrer\">32<\/a>]<\/p>\n<p style=\"font-size: 8pt; line-height: 120%;\"><a title=\"See page for author [Public domain], via Wikimedia Commons\" href=\"https:\/\/commons.wikimedia.org\/wiki\/File:Alm%C3%A1sy_L%C3%A1szl%C3%B3_%C3%A9s_Zichy_N%C3%A1ndor_els%C5%91_felfedez%C5%91_%C3%BAtja_rep%C3%BCl%C5%91n_-_1931._augusztus_21,_M%C3%A1ty%C3%A1sf%C3%B6ld,_Budapest_(1).tif\"><img decoding=\"async\" src=\"https:\/\/upload.wikimedia.org\/wikipedia\/commons\/thumb\/e\/ee\/Alm%C3%A1sy_L%C3%A1szl%C3%B3_%C3%A9s_Zichy_N%C3%A1ndor_els%C5%91_felfedez%C5%91_%C3%BAtja_rep%C3%BCl%C5%91n_-_1931._augusztus_21%2C_M%C3%A1ty%C3%A1sf%C3%B6ld%2C_Budapest_%281%29.tif\/lossy-page1-423px-Alm%C3%A1sy_L%C3%A1szl%C3%B3_%C3%A9s_Zichy_N%C3%A1ndor_els%C5%91_felfedez%C5%91_%C3%BAtja_rep%C3%BCl%C5%91n_-_1931._augusztus_21%2C_M%C3%A1ty%C3%A1sf%C3%B6ld%2C_Budapest_%281%29.tif.jpg\" alt=\"Alm\u00e1sy L\u00e1szl\u00f3 \u00e9s Zichy N\u00e1ndor els\u0151 felfedez\u0151 \u00fatja rep\u00fcl\u0151n - 1931. augusztus 21, M\u00e1ty\u00e1sf\u00f6ld, Budapest (1)\" width=\"430\" \/><\/a><br \/>\nAlm\u00e1sy L\u00e1szl\u00f3 \u00e9s Zichy N\u00e1ndor els\u0151 felfedez\u0151 \u00fatja rep\u00fcl\u0151n \u2013 1931. augusztus 21., M\u00e1ty\u00e1sf\u00f6ld, Ismeretlen f\u00e9nyk\u00e9p\u00e9sz.<br \/>\n<em>K\u00e9p forr\u00e1sa:<\/em> WIKIMEDIA COMMONS [digitized by: Elekes Andor]<\/p>\n<p>Alm\u00e1sy L\u00e1szl\u00f3 lak\u00e1s\u00e1ban jelenleg az Iszl\u00e1m Egyh\u00e1z mecsete m\u0171k\u00f6dik, a Dar El Salam mecset, melyet a J\u00f3t\u00e9konys\u00e1gi B\u00e9ke Alap\u00edtv\u00e1ny m\u0171k\u00f6dtet. Budapesten nem tal\u00e1lkozhatunk <em>\u201eklasszikus mecsettel\u201d<\/em>, ahol az emberek a vall\u00e1sukat gyakorolhatn\u00e1k, \u00edgy alternat\u00edvak\u00e9nt az Alm\u00e1sy egykori lakhelye \u00e9s egy m\u00e1sik lak\u00e1s egybenyit\u00e1s\u00e1val k\u00f6lt\u00f6z\u00f6tt be a 2000-es \u00e9vek k\u00f6rny\u00e9k\u00e9n az imah\u00e1z. A mecset neve az arab <em>Dar Assalam<\/em> sz\u00f3b\u00f3l ered, mely a b\u00e9ke h\u00e1z\u00e1t jelenti, \u00e9s ez egyben a mohamed\u00e1n mennyorsz\u00e1g egyik neve is.[33]<\/p>\n<p>De nem csak Alm\u00e1sy lak\u00e1sa kapott \u00faj funkci\u00f3t az \u00e9vek sor\u00e1n. A jelenlegi \u00cdrisz Office-nak helyet ad\u00f3 lak\u00e1sban \u00e9lt a nemesi sz\u00e1rmaz\u00e1s\u00fa Uzoni Temesv\u00e1ry J\u00e1nosn\u00e9 Gerl\u00f3czy Mariette, akinek az \u00e9desapja Gerl\u00f3czy G\u00e1bor vez\u00e9r\u0151rnagy, Horthy Mikl\u00f3s els\u0151 sz\u00e1rnyseg\u00e9dje volt. A n\u00e9met megsz\u00e1ll\u00e1st k\u00f6vet\u0151en 1944 december\u00e9ben kezd\u0151dtek a megpr\u00f3b\u00e1ltat\u00e1sok: \u0151t \u00e9s Bethlen Istv\u00e1nt, Horthy szem\u00e9lyes tan\u00e1csad\u00f3j\u00e1t is letart\u00f3ztatt\u00e1k. Mariette-et 1949. h\u00fashagy\u00f3keddj\u00e9n f\u00e9rj\u00e9vel egy\u00fctt a kommunista megb\u00edzott csapatok k\u00e9nyszermunk\u00e1ra vitt\u00e9k Dobrudzs\u00e1ba, vagyonukat, tulajdonukat elvett\u00e9k. Az asszonynak aznap indult meg a sz\u00fcl\u00e9se, de erre nem voltak tekintettel: f\u00e9rj\u00e9vel egy\u00fctt kocsira rakt\u00e1k \u0151ket, \u00e9s a z\u00f6tyk\u00f6l\u0151d\u0151 utakon le\u00e1llt a sz\u00fcl\u00e9s, a gyermek meghalt, \u00e9s Mariette is v\u00e9rm\u00e9rgez\u00e9st kapott. Az \u00e9rkez\u00e9st k\u00f6vet\u0151en m\u00e1r a dobrudzsai f\u00f6ldeken kellett dolgozniuk. K\u00e9s\u0151bb Kolozsv\u00e1rra ker\u00fcltek, \u0151 takar\u00edt\u00f3n\u0151k\u00e9nt, f\u00e9rje targonc\u00e1sk\u00e9nt dolgozott. 1960-ban kapott a Temesv\u00e1ry csal\u00e1d hazateleped\u00e9si enged\u00e9lyt \u2013 ezt a f\u00e9rje m\u00e1r nem \u00e9rhette meg, \u00e9s a temet\u00e9s miatti k\u00e9sedelem r\u00e9v\u00e9n m\u00e1r nem engedt\u00e9k Mariette-nek a visszateleped\u00e9st.[34] 17 \u00e9vvel k\u00e9s\u0151bb, 1976-ban hagyhatta el Rom\u00e1ni\u00e1t, \u00e9s k\u00f6lt\u00f6z\u00f6tt Budapestre. Hatos t\u00e1rsb\u00e9rletben \u00e9lt a Bart\u00f3k B\u00e9la \u00fati lak\u00e1sban.[<a href=\"https:\/\/mno.hu\/migr_1834\/piocak-a-rizsfoldon-831550\" target=\"_blank\" rel=\"noopener noreferrer\">35<\/a>]<\/p>\n<p style=\"font-size: 8pt; line-height: 120%;\"><img loading=\"lazy\" decoding=\"async\" class=\"alignnone wp-image-27079\" src=\"http:\/\/budapest100.hu\/wp-content\/uploads\/2018\/01\/bart\u00f3kb\u00e9la\u00fat29_01_sz.png\" alt=\"\" width=\"430\" height=\"58\" \/><br \/>\n<em>Szemelv\u00e9ny forr\u00e1sa:<\/em> N\u00e9pszava, 1989. 117. \u00e9vf. 299. sz. p. 16. [ARCANUM] [k\u00e9psz\u00e1m: 58120; orig: JANKOVSZKY GY\u00d6RGY]<\/p>\n<p>A valaha itt \u00e9lt lak\u00f3k eml\u00e9k\u00e9re k\u00e9t eml\u00e9kt\u00e1bla tal\u00e1lhat\u00f3 a h\u00e1z fal\u00e1n. Az utcafronti homlokzaton Alm\u00e1sy L\u00e1szl\u00f3 Ede tisztelet\u00e9re az Afrikai-Magyar Egyes\u00fclet \u00e1ll\u00edtott eml\u00e9kt\u00e1bl\u00e1t 2011-ben.[<a href=\"https:\/\/commons.wikimedia.org\/wiki\/File:Alm%C3%A1sy_L%C3%A1szl%C3%B3_eml%C3%A9kt%C3%A1bl%C3%A1ja_-_Budapest_(1).JPG\" target=\"_blank\" rel=\"noopener noreferrer\">36<\/a>] A f\u0151bej\u00e1rati kapu el\u0151tt a f\u00f6ld\u00f6n az egyik kockak\u0151 hely\u00e9n pedig egy apr\u00f3 t\u00e1bl\u00e1t tal\u00e1lhatunk, egy botlat\u00f3k\u00f6vet, amely dr. Kem\u00e9ny J\u00f3zsefre eml\u00e9kszik vissza, akit deport\u00e1ltak, majd 1944-ben meg\u00f6ltek.[<a href=\"https:\/\/commons.wikimedia.org\/wiki\/File:Kem%C3%A9ny_J%C3%B3zsef_stolperstein_(Budapest-11_Bart%C3%B3k_B%C3%A9la_u_29).jpg\" target=\"_blank\" rel=\"noopener noreferrer\">37<\/a>]<\/p>\n","protected":false},"excerpt":{"rendered":"<p>A Bart\u00f3k B\u00e9la \u00fat 29-es sz\u00e1m alatt tal\u00e1lhat\u00f3 \u00e9p\u00fclet az \u00dajbuda pezsg\u0151 kultur\u00e1lis \u00e9let\u00e9t biztos\u00edt\u00f3 G\u00e1rdonyi t\u00e9r szomsz\u00e9ds\u00e1g\u00e1ban \u00e1ll. Meg\u00e9p\u00edt\u00e9sekor a Feh\u00e9rv\u00e1ri \u00fat 27. c\u00edmet viselte, majd Horthy Mikl\u00f3s \u00fat 29-re keresztelt\u00e9k \u00e1t, ma pedig Bart\u00f3k B\u00e9la \u00fat 29. c\u00edmen ismeretes. Bart\u00f3k B\u00e9la \u00fat 29. (1957) K\u00e9p forr\u00e1sa: FORTEPAN \/ BFL [HUNGARICANA] [k\u00e9psz\u00e1m: 102800; orig: [&hellip;]<\/p>\n","protected":false},"author":1,"featured_media":19109,"menu_order":0,"template":"","meta":{"_acf_changed":false,"footnotes":""},"house_category":[165],"house_post_tag":[84],"class_list":["post-15757","house","type-house","status-publish","has-post-thumbnail","hentry","house_category-165","house_post_tag-84"],"acf":[],"yoast_head":"<!-- This site is optimized with the Yoast SEO plugin v27.4 - https:\/\/yoast.com\/product\/yoast-seo-wordpress\/ -->\n<title>Bart\u00f3k B\u00e9la \u00fat 29. - Budapest100<\/title>\n<meta name=\"robots\" content=\"index, follow, max-snippet:-1, max-image-preview:large, max-video-preview:-1\" \/>\n<link rel=\"canonical\" href=\"https:\/\/budapest100.hu\/en\/house\/bartok-bela-ut-29\/\" \/>\n<meta property=\"og:locale\" content=\"en_US\" \/>\n<meta property=\"og:type\" content=\"article\" \/>\n<meta property=\"og:title\" content=\"Bart\u00f3k B\u00e9la \u00fat 29. - Budapest100\" \/>\n<meta property=\"og:description\" content=\"A Bart\u00f3k B\u00e9la \u00fat 29-es sz\u00e1m alatt tal\u00e1lhat\u00f3 \u00e9p\u00fclet az \u00dajbuda pezsg\u0151 kultur\u00e1lis \u00e9let\u00e9t biztos\u00edt\u00f3 G\u00e1rdonyi t\u00e9r szomsz\u00e9ds\u00e1g\u00e1ban \u00e1ll. Meg\u00e9p\u00edt\u00e9sekor a Feh\u00e9rv\u00e1ri \u00fat 27. c\u00edmet viselte, majd Horthy Mikl\u00f3s \u00fat 29-re keresztelt\u00e9k \u00e1t, ma pedig Bart\u00f3k B\u00e9la \u00fat 29. c\u00edmen ismeretes. Bart\u00f3k B\u00e9la \u00fat 29. (1957) K\u00e9p forr\u00e1sa: FORTEPAN \/ BFL [HUNGARICANA] [k\u00e9psz\u00e1m: 102800; orig: [&hellip;]\" \/>\n<meta property=\"og:url\" content=\"https:\/\/budapest100.hu\/en\/house\/bartok-bela-ut-29\/\" \/>\n<meta property=\"og:site_name\" content=\"Budapest100\" \/>\n<meta property=\"article:modified_time\" content=\"2025-04-14T10:27:22+00:00\" \/>\n<meta property=\"og:image\" content=\"https:\/\/budapest100.hu\/wp-content\/uploads\/2018\/01\/BartokBelaut_29_PerdyFazakasB-1.jpg\" \/>\n\t<meta property=\"og:image:width\" content=\"1087\" \/>\n\t<meta property=\"og:image:height\" content=\"611\" \/>\n\t<meta property=\"og:image:type\" content=\"image\/jpeg\" \/>\n<meta name=\"twitter:card\" content=\"summary_large_image\" \/>\n<meta name=\"twitter:label1\" content=\"Est. reading time\" \/>\n\t<meta name=\"twitter:data1\" content=\"12 minutes\" \/>\n<script type=\"application\/ld+json\" class=\"yoast-schema-graph\">{\"@context\":\"https:\\\/\\\/schema.org\",\"@graph\":[{\"@type\":\"WebPage\",\"@id\":\"https:\\\/\\\/budapest100.hu\\\/en\\\/house\\\/bartok-bela-ut-29\\\/\",\"url\":\"https:\\\/\\\/budapest100.hu\\\/en\\\/house\\\/bartok-bela-ut-29\\\/\",\"name\":\"Bart\u00f3k B\u00e9la \u00fat 29. - Budapest100\",\"isPartOf\":{\"@id\":\"https:\\\/\\\/budapest100.hu\\\/en\\\/#website\"},\"primaryImageOfPage\":{\"@id\":\"https:\\\/\\\/budapest100.hu\\\/en\\\/house\\\/bartok-bela-ut-29\\\/#primaryimage\"},\"image\":{\"@id\":\"https:\\\/\\\/budapest100.hu\\\/en\\\/house\\\/bartok-bela-ut-29\\\/#primaryimage\"},\"thumbnailUrl\":\"https:\\\/\\\/budapest100.hu\\\/wp-content\\\/uploads\\\/2018\\\/01\\\/BartokBelaut_29_PerdyFazakasB-1.jpg\",\"datePublished\":\"2018-01-28T20:33:54+00:00\",\"dateModified\":\"2025-04-14T10:27:22+00:00\",\"inLanguage\":\"en-US\",\"potentialAction\":[{\"@type\":\"ReadAction\",\"target\":[\"https:\\\/\\\/budapest100.hu\\\/en\\\/house\\\/bartok-bela-ut-29\\\/\"]}]},{\"@type\":\"ImageObject\",\"inLanguage\":\"en-US\",\"@id\":\"https:\\\/\\\/budapest100.hu\\\/en\\\/house\\\/bartok-bela-ut-29\\\/#primaryimage\",\"url\":\"https:\\\/\\\/budapest100.hu\\\/wp-content\\\/uploads\\\/2018\\\/01\\\/BartokBelaut_29_PerdyFazakasB-1.jpg\",\"contentUrl\":\"https:\\\/\\\/budapest100.hu\\\/wp-content\\\/uploads\\\/2018\\\/01\\\/BartokBelaut_29_PerdyFazakasB-1.jpg\",\"width\":1087,\"height\":611},{\"@type\":\"WebSite\",\"@id\":\"https:\\\/\\\/budapest100.hu\\\/en\\\/#website\",\"url\":\"https:\\\/\\\/budapest100.hu\\\/en\\\/\",\"name\":\"Budapest100\",\"description\":\"Nyitott h\u00e1zak h\u00e9tv\u00e9g\u00e9je\",\"potentialAction\":[{\"@type\":\"SearchAction\",\"target\":{\"@type\":\"EntryPoint\",\"urlTemplate\":\"https:\\\/\\\/budapest100.hu\\\/en\\\/?s={search_term_string}\"},\"query-input\":{\"@type\":\"PropertyValueSpecification\",\"valueRequired\":true,\"valueName\":\"search_term_string\"}}],\"inLanguage\":\"en-US\"}]}<\/script>\n<!-- \/ Yoast SEO plugin. -->","yoast_head_json":{"title":"Bart\u00f3k B\u00e9la \u00fat 29. - Budapest100","robots":{"index":"index","follow":"follow","max-snippet":"max-snippet:-1","max-image-preview":"max-image-preview:large","max-video-preview":"max-video-preview:-1"},"canonical":"https:\/\/budapest100.hu\/en\/house\/bartok-bela-ut-29\/","og_locale":"en_US","og_type":"article","og_title":"Bart\u00f3k B\u00e9la \u00fat 29. - Budapest100","og_description":"A Bart\u00f3k B\u00e9la \u00fat 29-es sz\u00e1m alatt tal\u00e1lhat\u00f3 \u00e9p\u00fclet az \u00dajbuda pezsg\u0151 kultur\u00e1lis \u00e9let\u00e9t biztos\u00edt\u00f3 G\u00e1rdonyi t\u00e9r szomsz\u00e9ds\u00e1g\u00e1ban \u00e1ll. Meg\u00e9p\u00edt\u00e9sekor a Feh\u00e9rv\u00e1ri \u00fat 27. c\u00edmet viselte, majd Horthy Mikl\u00f3s \u00fat 29-re keresztelt\u00e9k \u00e1t, ma pedig Bart\u00f3k B\u00e9la \u00fat 29. c\u00edmen ismeretes. Bart\u00f3k B\u00e9la \u00fat 29. (1957) K\u00e9p forr\u00e1sa: FORTEPAN \/ BFL [HUNGARICANA] [k\u00e9psz\u00e1m: 102800; orig: [&hellip;]","og_url":"https:\/\/budapest100.hu\/en\/house\/bartok-bela-ut-29\/","og_site_name":"Budapest100","article_modified_time":"2025-04-14T10:27:22+00:00","og_image":[{"width":1087,"height":611,"url":"https:\/\/budapest100.hu\/wp-content\/uploads\/2018\/01\/BartokBelaut_29_PerdyFazakasB-1.jpg","type":"image\/jpeg"}],"twitter_card":"summary_large_image","twitter_misc":{"Est. reading time":"12 minutes"},"schema":{"@context":"https:\/\/schema.org","@graph":[{"@type":"WebPage","@id":"https:\/\/budapest100.hu\/en\/house\/bartok-bela-ut-29\/","url":"https:\/\/budapest100.hu\/en\/house\/bartok-bela-ut-29\/","name":"Bart\u00f3k B\u00e9la \u00fat 29. - Budapest100","isPartOf":{"@id":"https:\/\/budapest100.hu\/en\/#website"},"primaryImageOfPage":{"@id":"https:\/\/budapest100.hu\/en\/house\/bartok-bela-ut-29\/#primaryimage"},"image":{"@id":"https:\/\/budapest100.hu\/en\/house\/bartok-bela-ut-29\/#primaryimage"},"thumbnailUrl":"https:\/\/budapest100.hu\/wp-content\/uploads\/2018\/01\/BartokBelaut_29_PerdyFazakasB-1.jpg","datePublished":"2018-01-28T20:33:54+00:00","dateModified":"2025-04-14T10:27:22+00:00","inLanguage":"en-US","potentialAction":[{"@type":"ReadAction","target":["https:\/\/budapest100.hu\/en\/house\/bartok-bela-ut-29\/"]}]},{"@type":"ImageObject","inLanguage":"en-US","@id":"https:\/\/budapest100.hu\/en\/house\/bartok-bela-ut-29\/#primaryimage","url":"https:\/\/budapest100.hu\/wp-content\/uploads\/2018\/01\/BartokBelaut_29_PerdyFazakasB-1.jpg","contentUrl":"https:\/\/budapest100.hu\/wp-content\/uploads\/2018\/01\/BartokBelaut_29_PerdyFazakasB-1.jpg","width":1087,"height":611},{"@type":"WebSite","@id":"https:\/\/budapest100.hu\/en\/#website","url":"https:\/\/budapest100.hu\/en\/","name":"Budapest100","description":"Nyitott h\u00e1zak h\u00e9tv\u00e9g\u00e9je","potentialAction":[{"@type":"SearchAction","target":{"@type":"EntryPoint","urlTemplate":"https:\/\/budapest100.hu\/en\/?s={search_term_string}"},"query-input":{"@type":"PropertyValueSpecification","valueRequired":true,"valueName":"search_term_string"}}],"inLanguage":"en-US"}]}},"_links":{"self":[{"href":"https:\/\/budapest100.hu\/en\/wp-json\/wp\/v2\/house\/15757","targetHints":{"allow":["GET"]}}],"collection":[{"href":"https:\/\/budapest100.hu\/en\/wp-json\/wp\/v2\/house"}],"about":[{"href":"https:\/\/budapest100.hu\/en\/wp-json\/wp\/v2\/types\/house"}],"author":[{"embeddable":true,"href":"https:\/\/budapest100.hu\/en\/wp-json\/wp\/v2\/users\/1"}],"version-history":[{"count":61,"href":"https:\/\/budapest100.hu\/en\/wp-json\/wp\/v2\/house\/15757\/revisions"}],"predecessor-version":[{"id":83142,"href":"https:\/\/budapest100.hu\/en\/wp-json\/wp\/v2\/house\/15757\/revisions\/83142"}],"wp:featuredmedia":[{"embeddable":true,"href":"https:\/\/budapest100.hu\/en\/wp-json\/wp\/v2\/media\/19109"}],"wp:attachment":[{"href":"https:\/\/budapest100.hu\/en\/wp-json\/wp\/v2\/media?parent=15757"}],"wp:term":[{"taxonomy":"house_category","embeddable":true,"href":"https:\/\/budapest100.hu\/en\/wp-json\/wp\/v2\/house_category?post=15757"},{"taxonomy":"house_post_tag","embeddable":true,"href":"https:\/\/budapest100.hu\/en\/wp-json\/wp\/v2\/house_post_tag?post=15757"}],"curies":[{"name":"wp","href":"https:\/\/api.w.org\/{rel}","templated":true}]}}