{"id":20879,"date":"2018-12-19T05:36:25","date_gmt":"2018-12-19T05:36:25","guid":{"rendered":"http:\/\/budapest100.hu\/?post_type=house&#038;p=20879"},"modified":"2023-02-23T17:53:14","modified_gmt":"2023-02-23T15:53:14","slug":"chazar-andras-utca-10","status":"publish","type":"house","link":"https:\/\/budapest100.hu\/en\/house\/chazar-andras-utca-10\/","title":{"rendered":"Ch\u00e1z\u00e1r Andr\u00e1s utca 10."},"content":{"rendered":"<p><span data-sheets-value=\"{&quot;1&quot;:2,&quot;2&quot;:&quot;1892 \u00e9s 1895 k\u00f6z\u00f6tt h\u00e1rom alap\u00edtv\u00e1ny is l\u00e9tes\u00fclt egy \u00e1ltal\u00e1nos zsid\u00f3 k\u00f6z\u00e9piskola fel\u00e1ll\u00edt\u00e1sa \u00e9rdek\u00e9ben, amelyben az alap\u00edtv\u00e1nytev\u0151k a zsid\u00f3 elit n\u00f6vekv\u0151 vall\u00e1si k\u00f6z\u00f6mb\u00f6ss\u00e9g\u00e9nek \u00e9s ezzel j\u00e1r\u00f3 identit\u00e1sveszt\u00e9s\u00e9nek az ellenszer\u00e9t rem\u00e9lt\u00e9k megtal\u00e1lni. A v\u00e1zlattervek kidolgoz\u00e1s\u00e1ra az iskola-\u00e9p\u00edt\u00e9szetben egyar\u00e1nt j\u00e1rtas Lajta B\u00e9l\u00e1t \u00e9s Heged\u00fcs \u00c1rmint k\u00e9rt\u00e9k fel, a megb\u00edz\u00e1st Lajta nyerte el. Az els\u0151 enged\u00e9lyez\u00e9si tervek 1913. j\u00faniusi d\u00e1tumot viselnek, az \u00e9p\u00edtkez\u00e9s j\u00faliusban azonban egy ezekt\u0151l elt\u00e9r\u0151, csak 1914 m\u00e1rcius\u00e1ban enged\u00e9lyeztetett m\u00e1sodik tervsorozat szerint indult meg. A vil\u00e1gh\u00e1bor\u00fa kit\u00f6r\u00e9se ut\u00e1n le\u00e1llt az \u00e9p\u00edtkez\u00e9s ? a k\u00f6vetkez\u0151 \u00e9vtizedben a h\u00e1z az ekkorra el\u00e9rt, szerkezetk\u00e9sz, de burkolatok n\u00e9lk\u00fcli \u00e1llapot\u00e1ban v\u00e1rta a teljesen csak 1931-re, Heged\u00fcs \u00c1rmin \u00e9s B\u00f6hm Henrik m\u00f3dos\u00edtott tervei szerint megval\u00f3sul\u00f3 befejez\u00e9st. A tan\u00edt\u00e1s \u00e9p\u00edtett kereteinek a konkurens int\u00e9zm\u00e9nyek\u00e9n\u00e9l nagyvonal\u00fabb kialak\u00edt\u00e1sa a kor vezet\u0151 oktat\u00e1s\u00fcgyi szakembere, K\u00e1rm\u00e1n M\u00f3r \u00e1ltal \u00f6ssze\u00e1ll\u00edtott k\u00fcl\u00f6nleges programnak felel meg. A kilencoszt\u00e1lyos gimn\u00e1zium h\u00e1rom\u00e9ves szakaszokra bontott oktat\u00e1s\u00e1nak megfelel\u0151en az egyes szinteken h\u00e1rom-h\u00e1rom oszt\u00e1ly tantermei kaptak helyet. Lajta az iskol\u00e1t nem z\u00e1rt t\u00f6mbk\u00e9nt, hanem egy nyitott udvart h\u00e1rom oldalr\u00f3l k\u00f6r\u00fclfog\u00f3, funkcion\u00e1lisan elk\u00fcl\u00f6n\u00fcl\u0151 sz\u00e1rnyakkal tervezte meg. A B\u00e1lint utcai sz\u00e1rny tartalmazta a tan\u00e1rit \u00e9s felette zsinag\u00f3g\u00e1t, az Abonyi utcai a tantermeket, az udvari a k\u00f6nyvt\u00e1rat, a szaktantermeket \u00e9s a tornatermet. Minden egyes tanteremhez k\u00fcl\u00f6n oszt\u00e1lyf\u0151n\u00f6ki szoba csatlakozott. Az 1914-es terveken a f\u0151bej\u00e1rat t\u00f6mbje k\u00edv\u00fcl \u00e9s bel\u00fcl is radik\u00e1lisan m\u00f3dosult: a f\u0151homlokzat hat\u00e1sos k\u00f6zponti mot\u00edvumot nyert, a bej\u00e1rat m\u00f6g\u00f6tt monument\u00e1lis f\u00f6ldszinti el\u0151t\u00e9r kapott helyet. A kev\u00e9ss\u00e9 ki\u00e9rlelt els\u0151 tervv\u00e1ltozattal szemben ezeken harmonikusan elegyednek az archaiz\u00e1l\u00f3 \u00e9s az eg\u00e9szen \u00fajszer\u0171, t\u00f6rt\u00e9neti el\u0151k\u00e9peket n\u00e9lk\u00fcl\u00f6z\u0151 formai megold\u00e1sok.\\nTov\u00e1bbi k\u00e9pek \u00e9s iratok a lajtarch\u00edvban: http:\/\/lajtaarchiv.hu\/muvek\/pesti-izraelita-hitkozseg-alapitvanyi-fogimnaziuma-1913-1914&quot;}\" data-sheets-userformat=\"{&quot;2&quot;:8403905,&quot;3&quot;:{&quot;1&quot;:0},&quot;9&quot;:0,&quot;10&quot;:2,&quot;11&quot;:0,&quot;12&quot;:0,&quot;14&quot;:[null,2,7352480],&quot;15&quot;:&quot;Calibri, sans-serif&quot;,&quot;16&quot;:11,&quot;26&quot;:400}\">1892 \u00e9s 1895 k\u00f6z\u00f6tt h\u00e1rom alap\u00edtv\u00e1ny is l\u00e9tes\u00fclt egy \u00e1ltal\u00e1nos zsid\u00f3 k\u00f6z\u00e9piskola fel\u00e1ll\u00edt\u00e1sa \u00e9rdek\u00e9ben, amelyben az alap\u00edtv\u00e1nytev\u0151k a zsid\u00f3 elit n\u00f6vekv\u0151 vall\u00e1si k\u00f6z\u00f6mb\u00f6ss\u00e9g\u00e9nek \u00e9s ezzel j\u00e1r\u00f3 identit\u00e1sveszt\u00e9s\u00e9nek az ellenszer\u00e9t rem\u00e9lt\u00e9k megtal\u00e1lni. A v\u00e1zlattervek kidolgoz\u00e1s\u00e1ra az iskola-\u00e9p\u00edt\u00e9szetben egyar\u00e1nt j\u00e1rtas Lajta B\u00e9l\u00e1t \u00e9s Heged\u00fcs \u00c1rmint k\u00e9rt\u00e9k fel, a megb\u00edz\u00e1st Lajta nyerte el. Az els\u0151 enged\u00e9lyez\u00e9si tervek 1913. j\u00faniusi d\u00e1tumot viselnek, az \u00e9p\u00edtkez\u00e9s j\u00faliusban azonban egy ezekt\u0151l elt\u00e9r\u0151, csak 1914 m\u00e1rcius\u00e1ban enged\u00e9lyeztetett m\u00e1sodik tervsorozat szerint indult meg. A vil\u00e1gh\u00e1bor\u00fa kit\u00f6r\u00e9se ut\u00e1n le\u00e1llt az \u00e9p\u00edtkez\u00e9s ? a k\u00f6vetkez\u0151 \u00e9vtizedben a h\u00e1z az ekkorra el\u00e9rt, szerkezetk\u00e9sz, de burkolatok n\u00e9lk\u00fcli \u00e1llapot\u00e1ban v\u00e1rta a teljesen csak 1931-re, Heged\u00fcs \u00c1rmin \u00e9s B\u00f6hm Henrik m\u00f3dos\u00edtott tervei szerint megval\u00f3sul\u00f3 befejez\u00e9st. A tan\u00edt\u00e1s \u00e9p\u00edtett kereteinek a konkurens int\u00e9zm\u00e9nyek\u00e9n\u00e9l nagyvonal\u00fabb kialak\u00edt\u00e1sa a kor vezet\u0151 oktat\u00e1s\u00fcgyi szakembere, K\u00e1rm\u00e1n M\u00f3r \u00e1ltal \u00f6ssze\u00e1ll\u00edtott k\u00fcl\u00f6nleges programnak felel meg. A kilencoszt\u00e1lyos gimn\u00e1zium h\u00e1rom\u00e9ves szakaszokra bontott oktat\u00e1s\u00e1nak megfelel\u0151en az egyes szinteken h\u00e1rom-h\u00e1rom oszt\u00e1ly tantermei kaptak helyet. Lajta az iskol\u00e1t nem z\u00e1rt t\u00f6mbk\u00e9nt, hanem egy nyitott udvart h\u00e1rom oldalr\u00f3l k\u00f6r\u00fclfog\u00f3, funkcion\u00e1lisan elk\u00fcl\u00f6n\u00fcl\u0151 sz\u00e1rnyakkal tervezte meg. A B\u00e1lint utcai sz\u00e1rny tartalmazta a tan\u00e1rit \u00e9s felette zsinag\u00f3g\u00e1t, az Abonyi utcai a tantermeket, az udvari a k\u00f6nyvt\u00e1rat, a szaktantermeket \u00e9s a tornatermet. Minden egyes tanteremhez k\u00fcl\u00f6n oszt\u00e1lyf\u0151n\u00f6ki szoba csatlakozott. Az 1914-es terveken a f\u0151bej\u00e1rat t\u00f6mbje k\u00edv\u00fcl \u00e9s bel\u00fcl is radik\u00e1lisan m\u00f3dosult: a f\u0151homlokzat hat\u00e1sos k\u00f6zponti mot\u00edvumot nyert, a bej\u00e1rat m\u00f6g\u00f6tt monument\u00e1lis f\u00f6ldszinti el\u0151t\u00e9r kapott helyet. A kev\u00e9ss\u00e9 ki\u00e9rlelt els\u0151 tervv\u00e1ltozattal szemben ezeken harmonikusan elegyednek az archaiz\u00e1l\u00f3 \u00e9s az eg\u00e9szen \u00fajszer\u0171, t\u00f6rt\u00e9neti el\u0151k\u00e9peket n\u00e9lk\u00fcl\u00f6z\u0151 formai megold\u00e1sok.<\/span><\/p>\n<p><span data-sheets-value=\"{&quot;1&quot;:2,&quot;2&quot;:&quot;1892 \u00e9s 1895 k\u00f6z\u00f6tt h\u00e1rom alap\u00edtv\u00e1ny is l\u00e9tes\u00fclt egy \u00e1ltal\u00e1nos zsid\u00f3 k\u00f6z\u00e9piskola fel\u00e1ll\u00edt\u00e1sa \u00e9rdek\u00e9ben, amelyben az alap\u00edtv\u00e1nytev\u0151k a zsid\u00f3 elit n\u00f6vekv\u0151 vall\u00e1si k\u00f6z\u00f6mb\u00f6ss\u00e9g\u00e9nek \u00e9s ezzel j\u00e1r\u00f3 identit\u00e1sveszt\u00e9s\u00e9nek az ellenszer\u00e9t rem\u00e9lt\u00e9k megtal\u00e1lni. A v\u00e1zlattervek kidolgoz\u00e1s\u00e1ra az iskola-\u00e9p\u00edt\u00e9szetben egyar\u00e1nt j\u00e1rtas Lajta B\u00e9l\u00e1t \u00e9s Heged\u00fcs \u00c1rmint k\u00e9rt\u00e9k fel, a megb\u00edz\u00e1st Lajta nyerte el. Az els\u0151 enged\u00e9lyez\u00e9si tervek 1913. j\u00faniusi d\u00e1tumot viselnek, az \u00e9p\u00edtkez\u00e9s j\u00faliusban azonban egy ezekt\u0151l elt\u00e9r\u0151, csak 1914 m\u00e1rcius\u00e1ban enged\u00e9lyeztetett m\u00e1sodik tervsorozat szerint indult meg. A vil\u00e1gh\u00e1bor\u00fa kit\u00f6r\u00e9se ut\u00e1n le\u00e1llt az \u00e9p\u00edtkez\u00e9s ? a k\u00f6vetkez\u0151 \u00e9vtizedben a h\u00e1z az ekkorra el\u00e9rt, szerkezetk\u00e9sz, de burkolatok n\u00e9lk\u00fcli \u00e1llapot\u00e1ban v\u00e1rta a teljesen csak 1931-re, Heged\u00fcs \u00c1rmin \u00e9s B\u00f6hm Henrik m\u00f3dos\u00edtott tervei szerint megval\u00f3sul\u00f3 befejez\u00e9st. A tan\u00edt\u00e1s \u00e9p\u00edtett kereteinek a konkurens int\u00e9zm\u00e9nyek\u00e9n\u00e9l nagyvonal\u00fabb kialak\u00edt\u00e1sa a kor vezet\u0151 oktat\u00e1s\u00fcgyi szakembere, K\u00e1rm\u00e1n M\u00f3r \u00e1ltal \u00f6ssze\u00e1ll\u00edtott k\u00fcl\u00f6nleges programnak felel meg. A kilencoszt\u00e1lyos gimn\u00e1zium h\u00e1rom\u00e9ves szakaszokra bontott oktat\u00e1s\u00e1nak megfelel\u0151en az egyes szinteken h\u00e1rom-h\u00e1rom oszt\u00e1ly tantermei kaptak helyet. Lajta az iskol\u00e1t nem z\u00e1rt t\u00f6mbk\u00e9nt, hanem egy nyitott udvart h\u00e1rom oldalr\u00f3l k\u00f6r\u00fclfog\u00f3, funkcion\u00e1lisan elk\u00fcl\u00f6n\u00fcl\u0151 sz\u00e1rnyakkal tervezte meg. A B\u00e1lint utcai sz\u00e1rny tartalmazta a tan\u00e1rit \u00e9s felette zsinag\u00f3g\u00e1t, az Abonyi utcai a tantermeket, az udvari a k\u00f6nyvt\u00e1rat, a szaktantermeket \u00e9s a tornatermet. Minden egyes tanteremhez k\u00fcl\u00f6n oszt\u00e1lyf\u0151n\u00f6ki szoba csatlakozott. Az 1914-es terveken a f\u0151bej\u00e1rat t\u00f6mbje k\u00edv\u00fcl \u00e9s bel\u00fcl is radik\u00e1lisan m\u00f3dosult: a f\u0151homlokzat hat\u00e1sos k\u00f6zponti mot\u00edvumot nyert, a bej\u00e1rat m\u00f6g\u00f6tt monument\u00e1lis f\u00f6ldszinti el\u0151t\u00e9r kapott helyet. A kev\u00e9ss\u00e9 ki\u00e9rlelt els\u0151 tervv\u00e1ltozattal szemben ezeken harmonikusan elegyednek az archaiz\u00e1l\u00f3 \u00e9s az eg\u00e9szen \u00fajszer\u0171, t\u00f6rt\u00e9neti el\u0151k\u00e9peket n\u00e9lk\u00fcl\u00f6z\u0151 formai megold\u00e1sok.\\nTov\u00e1bbi k\u00e9pek \u00e9s iratok a lajtarch\u00edvban: http:\/\/lajtaarchiv.hu\/muvek\/pesti-izraelita-hitkozseg-alapitvanyi-fogimnaziuma-1913-1914&quot;}\" data-sheets-userformat=\"{&quot;2&quot;:8403905,&quot;3&quot;:{&quot;1&quot;:0},&quot;9&quot;:0,&quot;10&quot;:2,&quot;11&quot;:0,&quot;12&quot;:0,&quot;14&quot;:[null,2,7352480],&quot;15&quot;:&quot;Calibri, sans-serif&quot;,&quot;16&quot;:11,&quot;26&quot;:400}\"><br \/>\nTov\u00e1bbi k\u00e9pek \u00e9s iratok a lajtarch\u00edvban: http:\/\/lajtaarchiv.hu\/muvek\/pesti-izraelita-hitkozseg-alapitvanyi-fogimnaziuma-1913-1914<\/span><\/p>\n","protected":false},"excerpt":{"rendered":"<p>1892 \u00e9s 1895 k\u00f6z\u00f6tt h\u00e1rom alap\u00edtv\u00e1ny is l\u00e9tes\u00fclt egy \u00e1ltal\u00e1nos zsid\u00f3 k\u00f6z\u00e9piskola fel\u00e1ll\u00edt\u00e1sa \u00e9rdek\u00e9ben, amelyben az alap\u00edtv\u00e1nytev\u0151k a zsid\u00f3 elit n\u00f6vekv\u0151 vall\u00e1si k\u00f6z\u00f6mb\u00f6ss\u00e9g\u00e9nek \u00e9s ezzel j\u00e1r\u00f3 identit\u00e1sveszt\u00e9s\u00e9nek az ellenszer\u00e9t rem\u00e9lt\u00e9k megtal\u00e1lni. A v\u00e1zlattervek kidolgoz\u00e1s\u00e1ra az iskola-\u00e9p\u00edt\u00e9szetben egyar\u00e1nt j\u00e1rtas Lajta B\u00e9l\u00e1t \u00e9s Heged\u00fcs \u00c1rmint k\u00e9rt\u00e9k fel, a megb\u00edz\u00e1st Lajta nyerte el. Az els\u0151 enged\u00e9lyez\u00e9si tervek 1913. [&hellip;]<\/p>\n","protected":false},"author":1,"featured_media":20880,"menu_order":0,"template":"","meta":{"_acf_changed":false,"footnotes":""},"house_category":[],"house_post_tag":[78,79],"class_list":["post-20879","house","type-house","status-publish","has-post-thumbnail","hentry","house_post_tag-78","house_post_tag-79"],"acf":[],"yoast_head":"<!-- This site is optimized with the Yoast SEO plugin v27.4 - https:\/\/yoast.com\/product\/yoast-seo-wordpress\/ -->\n<title>Ch\u00e1z\u00e1r Andr\u00e1s utca 10. - Budapest100<\/title>\n<meta name=\"robots\" content=\"index, follow, max-snippet:-1, max-image-preview:large, max-video-preview:-1\" \/>\n<link rel=\"canonical\" href=\"https:\/\/budapest100.hu\/en\/house\/chazar-andras-utca-10\/\" \/>\n<meta property=\"og:locale\" content=\"en_US\" \/>\n<meta property=\"og:type\" content=\"article\" \/>\n<meta property=\"og:title\" content=\"Ch\u00e1z\u00e1r Andr\u00e1s utca 10. - Budapest100\" \/>\n<meta property=\"og:description\" content=\"1892 \u00e9s 1895 k\u00f6z\u00f6tt h\u00e1rom alap\u00edtv\u00e1ny is l\u00e9tes\u00fclt egy \u00e1ltal\u00e1nos zsid\u00f3 k\u00f6z\u00e9piskola fel\u00e1ll\u00edt\u00e1sa \u00e9rdek\u00e9ben, amelyben az alap\u00edtv\u00e1nytev\u0151k a zsid\u00f3 elit n\u00f6vekv\u0151 vall\u00e1si k\u00f6z\u00f6mb\u00f6ss\u00e9g\u00e9nek \u00e9s ezzel j\u00e1r\u00f3 identit\u00e1sveszt\u00e9s\u00e9nek az ellenszer\u00e9t rem\u00e9lt\u00e9k megtal\u00e1lni. A v\u00e1zlattervek kidolgoz\u00e1s\u00e1ra az iskola-\u00e9p\u00edt\u00e9szetben egyar\u00e1nt j\u00e1rtas Lajta B\u00e9l\u00e1t \u00e9s Heged\u00fcs \u00c1rmint k\u00e9rt\u00e9k fel, a megb\u00edz\u00e1st Lajta nyerte el. Az els\u0151 enged\u00e9lyez\u00e9si tervek 1913. [&hellip;]\" \/>\n<meta property=\"og:url\" content=\"https:\/\/budapest100.hu\/en\/house\/chazar-andras-utca-10\/\" \/>\n<meta property=\"og:site_name\" content=\"Budapest100\" \/>\n<meta property=\"article:modified_time\" content=\"2023-02-23T15:53:14+00:00\" \/>\n<meta property=\"og:image\" content=\"https:\/\/budapest100.hu\/wp-content\/uploads\/2018\/12\/chazar-10_radnoti_gimn-malustyikm-01.jpg\" \/>\n\t<meta property=\"og:image:width\" content=\"3543\" \/>\n\t<meta property=\"og:image:height\" content=\"2362\" \/>\n\t<meta property=\"og:image:type\" content=\"image\/jpeg\" \/>\n<meta name=\"twitter:card\" content=\"summary_large_image\" \/>\n<meta name=\"twitter:label1\" content=\"Est. reading time\" \/>\n\t<meta name=\"twitter:data1\" content=\"2 minutes\" \/>\n<script type=\"application\/ld+json\" class=\"yoast-schema-graph\">{\"@context\":\"https:\\\/\\\/schema.org\",\"@graph\":[{\"@type\":\"WebPage\",\"@id\":\"https:\\\/\\\/budapest100.hu\\\/en\\\/house\\\/chazar-andras-utca-10\\\/\",\"url\":\"https:\\\/\\\/budapest100.hu\\\/en\\\/house\\\/chazar-andras-utca-10\\\/\",\"name\":\"Ch\u00e1z\u00e1r Andr\u00e1s utca 10. - Budapest100\",\"isPartOf\":{\"@id\":\"https:\\\/\\\/budapest100.hu\\\/en\\\/#website\"},\"primaryImageOfPage\":{\"@id\":\"https:\\\/\\\/budapest100.hu\\\/en\\\/house\\\/chazar-andras-utca-10\\\/#primaryimage\"},\"image\":{\"@id\":\"https:\\\/\\\/budapest100.hu\\\/en\\\/house\\\/chazar-andras-utca-10\\\/#primaryimage\"},\"thumbnailUrl\":\"https:\\\/\\\/budapest100.hu\\\/wp-content\\\/uploads\\\/2018\\\/12\\\/chazar-10_radnoti_gimn-malustyikm-01.jpg\",\"datePublished\":\"2018-12-19T05:36:25+00:00\",\"dateModified\":\"2023-02-23T15:53:14+00:00\",\"inLanguage\":\"en-US\",\"potentialAction\":[{\"@type\":\"ReadAction\",\"target\":[\"https:\\\/\\\/budapest100.hu\\\/en\\\/house\\\/chazar-andras-utca-10\\\/\"]}]},{\"@type\":\"ImageObject\",\"inLanguage\":\"en-US\",\"@id\":\"https:\\\/\\\/budapest100.hu\\\/en\\\/house\\\/chazar-andras-utca-10\\\/#primaryimage\",\"url\":\"https:\\\/\\\/budapest100.hu\\\/wp-content\\\/uploads\\\/2018\\\/12\\\/chazar-10_radnoti_gimn-malustyikm-01.jpg\",\"contentUrl\":\"https:\\\/\\\/budapest100.hu\\\/wp-content\\\/uploads\\\/2018\\\/12\\\/chazar-10_radnoti_gimn-malustyikm-01.jpg\",\"width\":3543,\"height\":2362,\"caption\":\"Ch\u00e1z\u00e1r Andr\u00e1s utca 10. Fot\u00f3: Malustyik Mariann\"},{\"@type\":\"WebSite\",\"@id\":\"https:\\\/\\\/budapest100.hu\\\/en\\\/#website\",\"url\":\"https:\\\/\\\/budapest100.hu\\\/en\\\/\",\"name\":\"Budapest100\",\"description\":\"Nyitott h\u00e1zak h\u00e9tv\u00e9g\u00e9je\",\"potentialAction\":[{\"@type\":\"SearchAction\",\"target\":{\"@type\":\"EntryPoint\",\"urlTemplate\":\"https:\\\/\\\/budapest100.hu\\\/en\\\/?s={search_term_string}\"},\"query-input\":{\"@type\":\"PropertyValueSpecification\",\"valueRequired\":true,\"valueName\":\"search_term_string\"}}],\"inLanguage\":\"en-US\"}]}<\/script>\n<!-- \/ Yoast SEO plugin. -->","yoast_head_json":{"title":"Ch\u00e1z\u00e1r Andr\u00e1s utca 10. - Budapest100","robots":{"index":"index","follow":"follow","max-snippet":"max-snippet:-1","max-image-preview":"max-image-preview:large","max-video-preview":"max-video-preview:-1"},"canonical":"https:\/\/budapest100.hu\/en\/house\/chazar-andras-utca-10\/","og_locale":"en_US","og_type":"article","og_title":"Ch\u00e1z\u00e1r Andr\u00e1s utca 10. - Budapest100","og_description":"1892 \u00e9s 1895 k\u00f6z\u00f6tt h\u00e1rom alap\u00edtv\u00e1ny is l\u00e9tes\u00fclt egy \u00e1ltal\u00e1nos zsid\u00f3 k\u00f6z\u00e9piskola fel\u00e1ll\u00edt\u00e1sa \u00e9rdek\u00e9ben, amelyben az alap\u00edtv\u00e1nytev\u0151k a zsid\u00f3 elit n\u00f6vekv\u0151 vall\u00e1si k\u00f6z\u00f6mb\u00f6ss\u00e9g\u00e9nek \u00e9s ezzel j\u00e1r\u00f3 identit\u00e1sveszt\u00e9s\u00e9nek az ellenszer\u00e9t rem\u00e9lt\u00e9k megtal\u00e1lni. A v\u00e1zlattervek kidolgoz\u00e1s\u00e1ra az iskola-\u00e9p\u00edt\u00e9szetben egyar\u00e1nt j\u00e1rtas Lajta B\u00e9l\u00e1t \u00e9s Heged\u00fcs \u00c1rmint k\u00e9rt\u00e9k fel, a megb\u00edz\u00e1st Lajta nyerte el. Az els\u0151 enged\u00e9lyez\u00e9si tervek 1913. [&hellip;]","og_url":"https:\/\/budapest100.hu\/en\/house\/chazar-andras-utca-10\/","og_site_name":"Budapest100","article_modified_time":"2023-02-23T15:53:14+00:00","og_image":[{"width":3543,"height":2362,"url":"https:\/\/budapest100.hu\/wp-content\/uploads\/2018\/12\/chazar-10_radnoti_gimn-malustyikm-01.jpg","type":"image\/jpeg"}],"twitter_card":"summary_large_image","twitter_misc":{"Est. reading time":"2 minutes"},"schema":{"@context":"https:\/\/schema.org","@graph":[{"@type":"WebPage","@id":"https:\/\/budapest100.hu\/en\/house\/chazar-andras-utca-10\/","url":"https:\/\/budapest100.hu\/en\/house\/chazar-andras-utca-10\/","name":"Ch\u00e1z\u00e1r Andr\u00e1s utca 10. - Budapest100","isPartOf":{"@id":"https:\/\/budapest100.hu\/en\/#website"},"primaryImageOfPage":{"@id":"https:\/\/budapest100.hu\/en\/house\/chazar-andras-utca-10\/#primaryimage"},"image":{"@id":"https:\/\/budapest100.hu\/en\/house\/chazar-andras-utca-10\/#primaryimage"},"thumbnailUrl":"https:\/\/budapest100.hu\/wp-content\/uploads\/2018\/12\/chazar-10_radnoti_gimn-malustyikm-01.jpg","datePublished":"2018-12-19T05:36:25+00:00","dateModified":"2023-02-23T15:53:14+00:00","inLanguage":"en-US","potentialAction":[{"@type":"ReadAction","target":["https:\/\/budapest100.hu\/en\/house\/chazar-andras-utca-10\/"]}]},{"@type":"ImageObject","inLanguage":"en-US","@id":"https:\/\/budapest100.hu\/en\/house\/chazar-andras-utca-10\/#primaryimage","url":"https:\/\/budapest100.hu\/wp-content\/uploads\/2018\/12\/chazar-10_radnoti_gimn-malustyikm-01.jpg","contentUrl":"https:\/\/budapest100.hu\/wp-content\/uploads\/2018\/12\/chazar-10_radnoti_gimn-malustyikm-01.jpg","width":3543,"height":2362,"caption":"Ch\u00e1z\u00e1r Andr\u00e1s utca 10. Fot\u00f3: Malustyik Mariann"},{"@type":"WebSite","@id":"https:\/\/budapest100.hu\/en\/#website","url":"https:\/\/budapest100.hu\/en\/","name":"Budapest100","description":"Nyitott h\u00e1zak h\u00e9tv\u00e9g\u00e9je","potentialAction":[{"@type":"SearchAction","target":{"@type":"EntryPoint","urlTemplate":"https:\/\/budapest100.hu\/en\/?s={search_term_string}"},"query-input":{"@type":"PropertyValueSpecification","valueRequired":true,"valueName":"search_term_string"}}],"inLanguage":"en-US"}]}},"_links":{"self":[{"href":"https:\/\/budapest100.hu\/en\/wp-json\/wp\/v2\/house\/20879","targetHints":{"allow":["GET"]}}],"collection":[{"href":"https:\/\/budapest100.hu\/en\/wp-json\/wp\/v2\/house"}],"about":[{"href":"https:\/\/budapest100.hu\/en\/wp-json\/wp\/v2\/types\/house"}],"author":[{"embeddable":true,"href":"https:\/\/budapest100.hu\/en\/wp-json\/wp\/v2\/users\/1"}],"version-history":[{"count":1,"href":"https:\/\/budapest100.hu\/en\/wp-json\/wp\/v2\/house\/20879\/revisions"}],"predecessor-version":[{"id":35699,"href":"https:\/\/budapest100.hu\/en\/wp-json\/wp\/v2\/house\/20879\/revisions\/35699"}],"wp:featuredmedia":[{"embeddable":true,"href":"https:\/\/budapest100.hu\/en\/wp-json\/wp\/v2\/media\/20880"}],"wp:attachment":[{"href":"https:\/\/budapest100.hu\/en\/wp-json\/wp\/v2\/media?parent=20879"}],"wp:term":[{"taxonomy":"house_category","embeddable":true,"href":"https:\/\/budapest100.hu\/en\/wp-json\/wp\/v2\/house_category?post=20879"},{"taxonomy":"house_post_tag","embeddable":true,"href":"https:\/\/budapest100.hu\/en\/wp-json\/wp\/v2\/house_post_tag?post=20879"}],"curies":[{"name":"wp","href":"https:\/\/api.w.org\/{rel}","templated":true}]}}